{"id":80,"date":"2015-12-16T12:44:08","date_gmt":"2015-12-16T11:44:08","guid":{"rendered":"http:\/\/mathematicum.univ-pau.fr\/wp\/?page_id=80"},"modified":"2016-01-11T16:41:55","modified_gmt":"2016-01-11T15:41:55","slug":"liens-2","status":"publish","type":"page","link":"https:\/\/mathematicum.univ-pau.fr\/site\/liens-2\/","title":{"rendered":"Liens"},"content":{"rendered":"<p>Quelques sites de r\u00e9f\u00e9rence, livres, films et vid\u00e9os qui nous inspirent pour la r\u00e9alisation d&rsquo;activit\u00e9s.<\/p>\n<h3>Journaux, revues, livres en ligne<\/h3>\n<table>\n<tbody>\n<tr>\n<td style=\"text-align: left; vertical-align: middle;\"><em><a href=\"http:\/\/smf.emath.fr\/Publications\/ExplosionDesMathematiques\" target=\"_blank\">L&rsquo;explosion des math\u00e9matiques<\/a><\/em>\u00a0publi\u00e9 par la SMF (Soci\u00e9t\u00e9 Math\u00e9matique de France)<\/td>\n<td style=\"width: 160px; text-align: center; vertical-align: middle;\"><img loading=\"lazy\" decoding=\"async\" class=\"alignright wp-image-231\" src=\"http:\/\/mathematicum.univ-pau.fr\/site\/wp-content\/uploads\/2015\/12\/explosion-math-208x300.jpg\" alt=\"explosion-math\" width=\"149\" height=\"215\" srcset=\"https:\/\/mathematicum.univ-pau.fr\/site\/wp-content\/uploads\/2015\/12\/explosion-math-208x300.jpg 208w, https:\/\/mathematicum.univ-pau.fr\/site\/wp-content\/uploads\/2015\/12\/explosion-math-768x1106.jpg 768w, https:\/\/mathematicum.univ-pau.fr\/site\/wp-content\/uploads\/2015\/12\/explosion-math-711x1024.jpg 711w, https:\/\/mathematicum.univ-pau.fr\/site\/wp-content\/uploads\/2015\/12\/explosion-math-624x899.jpg 624w, https:\/\/mathematicum.univ-pau.fr\/site\/wp-content\/uploads\/2015\/12\/explosion-math.jpg 1804w\" sizes=\"auto, (max-width: 149px) 100vw, 149px\" \/><\/td>\n<\/tr>\n<\/tbody>\n<\/table>\n<h3>Livres papier<\/h3>\n<table>\n<tbody>\n<tr>\n<td style=\"text-align: left; vertical-align: middle;\"><em>Math\u00e9matiques et formes optimales<\/em>, Anthony Tromba, Stefan Hildebrandt,\u00a0\u00e9ditions Pour la science &#8211; Belin.<\/td>\n<td style=\"width: 160px; text-align: center; vertical-align: middle;\"><img loading=\"lazy\" decoding=\"async\" class=\"aligncenter wp-image-232\" src=\"http:\/\/mathematicum.univ-pau.fr\/site\/wp-content\/uploads\/2015\/12\/9782842450090-272x300.gif\" alt=\"mathematiques-et-formes-optimales\" width=\"150\" height=\"165\" \/><\/td>\n<\/tr>\n<\/tbody>\n<\/table>\n<h3>Sites web<\/h3>\n<table>\n<tbody>\n<tr>\n<td style=\"text-align: left; vertical-align: middle;\"><a href=\"http:\/\/www.mathematikum.de\" target=\"_blank\">Mathematikum<\/a> &#8211; Mathematik zum Anfasssen<\/td>\n<td style=\"width: 160px; vertical-align: middle;\"><img loading=\"lazy\" decoding=\"async\" class=\"aligncenter wp-image-234 \" src=\"http:\/\/mathematicum.univ-pau.fr\/site\/wp-content\/uploads\/2015\/12\/mathematikum-300x47.jpg\" alt=\"mathematikum\" width=\"153\" height=\"24\" srcset=\"https:\/\/mathematicum.univ-pau.fr\/site\/wp-content\/uploads\/2015\/12\/mathematikum-300x47.jpg 300w, https:\/\/mathematicum.univ-pau.fr\/site\/wp-content\/uploads\/2015\/12\/mathematikum.jpg 563w\" sizes=\"auto, (max-width: 153px) 100vw, 153px\" \/><\/td>\n<\/tr>\n<tr>\n<td style=\"text-align: left; vertical-align: middle;\"><a href=\"https:\/\/imaginary.org\/fr\" target=\"_blank\">IMAGINARY open mathematics<\/a><\/td>\n<td style=\"width: 160px; vertical-align: middle;\"><img loading=\"lazy\" decoding=\"async\" class=\"aligncenter  wp-image-233\" src=\"http:\/\/mathematicum.univ-pau.fr\/site\/wp-content\/uploads\/2015\/12\/imaginary-open-300x62.png\" alt=\"imaginary-open\" width=\"150\" height=\"31\" srcset=\"https:\/\/mathematicum.univ-pau.fr\/site\/wp-content\/uploads\/2015\/12\/imaginary-open-300x62.png 300w, https:\/\/mathematicum.univ-pau.fr\/site\/wp-content\/uploads\/2015\/12\/imaginary-open.png 491w\" sizes=\"auto, (max-width: 150px) 100vw, 150px\" \/><\/td>\n<\/tr>\n<tr>\n<td style=\"text-align: left; vertical-align: middle;\"><a href=\"http:\/\/www.micmaths.com\" target=\"_blank\">Micmaths &#8211; Bric-\u00e0-brac math\u00e9matique et ludique de Micka\u00ebl Launay<br \/>\n<\/a>Et sa chaine youtube avec beaucoup de mat\u00e9riel tr\u00e8s int\u00e9ressant : <a href=\"https:\/\/www.youtube.com\/user\/Micmaths\" target=\"_blank\">https:\/\/www.youtube.com\/user\/Micmaths<\/a><\/td>\n<td style=\"width: 160px; text-align: center; vertical-align: middle;\"><img loading=\"lazy\" decoding=\"async\" class=\"aligncenter size-thumbnail wp-image-235\" src=\"http:\/\/mathematicum.univ-pau.fr\/site\/wp-content\/uploads\/2015\/12\/micmaths-150x150.jpeg\" alt=\"micmaths\" width=\"150\" height=\"150\" srcset=\"https:\/\/mathematicum.univ-pau.fr\/site\/wp-content\/uploads\/2015\/12\/micmaths-150x150.jpeg 150w, https:\/\/mathematicum.univ-pau.fr\/site\/wp-content\/uploads\/2015\/12\/micmaths-300x300.jpeg 300w, https:\/\/mathematicum.univ-pau.fr\/site\/wp-content\/uploads\/2015\/12\/micmaths.jpeg 600w\" sizes=\"auto, (max-width: 150px) 100vw, 150px\" \/><\/td>\n<\/tr>\n<tr>\n<td style=\"text-align: left; vertical-align: middle;\"><a href=\"http:\/\/artofproblemsolving.com\/articles\/proof-without-words\" target=\"_blank\">Une gallerie de preuves sans mots<\/a><\/td>\n<td style=\"width: 60px; text-align: center; vertical-align: middle;\"><img loading=\"lazy\" decoding=\"async\" class=\"aligncenter wp-image-236\" src=\"http:\/\/mathematicum.univ-pau.fr\/site\/wp-content\/uploads\/2015\/12\/art-problem-solving.png\" alt=\"art-problem-solving\" width=\"150\" height=\"171\" \/><\/td>\n<\/tr>\n<\/tbody>\n<\/table>\n<h3>Films et documentaires<\/h3>\n<table>\n<tbody>\n<tr>\n<td style=\"text-align: left; vertical-align: middle;\"><em><a href=\"http:\/\/www.dimensions-math.org\/Dim_fr.htm\" target=\"_blank\">Dimensions, Une promenade math\u00e9matique&#8230;<\/a><\/em><\/p>\n<p>Un film pour tout public, t\u00e9l\u00e9chargement gratuit et visionnable en ligne.<br \/>\nFilm produit par :\u00a0<a href=\"http:\/\/www.josleys.com\/\" target=\"_blank\">Jos Leys<\/a>\u00a0(Graphiques et animations),\u00a0<a href=\"http:\/\/www.umpa.ens-lyon.fr\/%7Eghys\/\" target=\"_blank\">\u00c9tienne Ghys<\/a>\u00a0(Sc\u00e9nario et math\u00e9matiques),\u00a0<a href=\"http:\/\/www.umpa.ens-lyon.fr\/labo.php?lang=en&amp;login=aalvarez\" target=\"_blank\">Aur\u00e9lien Alvarez<\/a>\u00a0(R\u00e9alisation et post-production).<\/td>\n<td style=\"width: 160px; vertical-align: middle;\"><img loading=\"lazy\" decoding=\"async\" class=\"aligncenter wp-image-237\" src=\"http:\/\/mathematicum.univ-pau.fr\/site\/wp-content\/uploads\/2015\/12\/dimensions-206x300.jpg\" alt=\"Dimensions\" width=\"150\" height=\"218\" srcset=\"https:\/\/mathematicum.univ-pau.fr\/site\/wp-content\/uploads\/2015\/12\/dimensions-206x300.jpg 206w, https:\/\/mathematicum.univ-pau.fr\/site\/wp-content\/uploads\/2015\/12\/dimensions.jpg 274w\" sizes=\"auto, (max-width: 150px) 100vw, 150px\" \/><\/td>\n<\/tr>\n<tr>\n<td style=\"text-align: left; vertical-align: middle;\"><a href=\"http:\/\/www.chaos-math.org\/fr\" target=\"_blank\">CHAOS<\/a><\/p>\n<p>Un film tout public, constitu\u00e9 de neuf chapitres de treize minutes chacun. Il traite des syst\u00e8mes dynamiques, de l&rsquo;effet papillon et de la th\u00e9orie du chaos.<\/td>\n<td style=\"width: 160px; vertical-align: middle;\"><img loading=\"lazy\" decoding=\"async\" class=\"aligncenter wp-image-238 \" src=\"http:\/\/mathematicum.univ-pau.fr\/site\/wp-content\/uploads\/2015\/12\/pochette-chaos-dimensions-s-224x300.jpg\" alt=\"pochette-chaos-dimensions-s\" width=\"150\" height=\"201\" srcset=\"https:\/\/mathematicum.univ-pau.fr\/site\/wp-content\/uploads\/2015\/12\/pochette-chaos-dimensions-s-224x300.jpg 224w, https:\/\/mathematicum.univ-pau.fr\/site\/wp-content\/uploads\/2015\/12\/pochette-chaos-dimensions-s.jpg 244w\" sizes=\"auto, (max-width: 150px) 100vw, 150px\" \/><\/td>\n<\/tr>\n<tr>\n<td style=\"text-align: left; vertical-align: middle;\"><a href=\"http:\/\/videotheque.cnrs.fr\/visio=199\" target=\"_blank\">Henri Cartan, une vie de math\u00e9maticien<\/a><\/p>\n<p>Date de production : 1995<br \/>\nDur\u00e9e : 00:52:00<br \/>\nR\u00e9alisateur et auteur : BROUE Isabelle<br \/>\nProducteur ex\u00e9cutif : Les Films du Kiosqu<\/td>\n<td style=\"width: 160px; text-align: center; vertical-align: middle;\"><img loading=\"lazy\" decoding=\"async\" class=\"aligncenter wp-image-240 \" src=\"http:\/\/mathematicum.univ-pau.fr\/site\/wp-content\/uploads\/2015\/12\/cartan-300x244.jpg\" alt=\"cartan\" width=\"150\" height=\"122\" srcset=\"https:\/\/mathematicum.univ-pau.fr\/site\/wp-content\/uploads\/2015\/12\/cartan-300x244.jpg 300w, https:\/\/mathematicum.univ-pau.fr\/site\/wp-content\/uploads\/2015\/12\/cartan.jpg 500w\" sizes=\"auto, (max-width: 150px) 100vw, 150px\" \/><\/td>\n<\/tr>\n<tr>\n<td style=\"text-align: left; vertical-align: middle;\"><a href=\"http:\/\/www.dailymotion.com\/video\/xwtdko_fractales-a-la-recherche-de-la-dimension-cachee_tech\" target=\"_blank\">Fractales, \u00e0 la recherche de la dimension cach\u00e9e<\/a><\/td>\n<td style=\"width: 160px; text-align: center; vertical-align: middle;\"><img loading=\"lazy\" decoding=\"async\" class=\"aligncenter wp-image-241 \" src=\"http:\/\/mathematicum.univ-pau.fr\/site\/wp-content\/uploads\/2015\/12\/fractales-300x225.jpg\" alt=\"fractales\" width=\"149\" height=\"112\" srcset=\"https:\/\/mathematicum.univ-pau.fr\/site\/wp-content\/uploads\/2015\/12\/fractales-300x225.jpg 300w, https:\/\/mathematicum.univ-pau.fr\/site\/wp-content\/uploads\/2015\/12\/fractales.jpg 320w\" sizes=\"auto, (max-width: 149px) 100vw, 149px\" \/><\/td>\n<\/tr>\n<tr>\n<td style=\"text-align: left; vertical-align: middle;\"><a href=\"https:\/\/www.youtube.com\/watch?v=K_tAygfZnAE\" target=\"_blank\">Lagrange<\/a><\/p>\n<p>Documentaire, 33 minutes,\u00a0Institut Henri Poincar\u00e9<\/td>\n<td style=\"width: 160px; text-align: center; vertical-align: middle;\"><img loading=\"lazy\" decoding=\"async\" class=\"aligncenter wp-image-242 \" src=\"http:\/\/mathematicum.univ-pau.fr\/site\/wp-content\/uploads\/2015\/12\/lagrange.jpg\" alt=\"Lagrange\" width=\"151\" height=\"81\" \/><\/td>\n<\/tr>\n<tr>\n<td style=\"text-align: left; vertical-align: middle;\"><a href=\"https:\/\/vimeo.com\/52371386\" target=\"_blank\">Soap films and minimal surfaces. Soap bubbles<\/a><\/p>\n<p>Film de <a href=\"https:\/\/vimeo.com\/user14356316\" target=\"_blank\">Juan Bragado Rodr\u00edguez<\/a><\/td>\n<td style=\"width: 160px; text-align: center; vertical-align: middle;\"><img loading=\"lazy\" decoding=\"async\" class=\"aligncenter wp-image-244\" src=\"http:\/\/mathematicum.univ-pau.fr\/site\/wp-content\/uploads\/2015\/12\/soap-films.jpg\" alt=\"soap-films\" width=\"150\" height=\"134\" \/><\/td>\n<\/tr>\n<\/tbody>\n<\/table>\n","protected":false},"excerpt":{"rendered":"<p>Quelques sites de r\u00e9f\u00e9rence, livres, films et vid\u00e9os qui nous inspirent pour la r\u00e9alisation d&rsquo;activit\u00e9s. Journaux, revues, livres en ligne L&rsquo;explosion des math\u00e9matiques\u00a0publi\u00e9 par la SMF (Soci\u00e9t\u00e9 Math\u00e9matique de France) Livres papier Math\u00e9matiques et formes optimales, Anthony Tromba, Stefan Hildebrandt,\u00a0\u00e9ditions Pour la science &#8211; Belin. Sites web Mathematikum &#8211; Mathematik zum Anfasssen IMAGINARY open mathematics [&hellip;]<\/p>\n","protected":false},"author":1,"featured_media":0,"parent":0,"menu_order":0,"comment_status":"closed","ping_status":"closed","template":"","meta":{"_acf_changed":false,"footnotes":""},"class_list":["post-80","page","type-page","status-publish","hentry"],"acf":[],"_links":{"self":[{"href":"https:\/\/mathematicum.univ-pau.fr\/site\/wp-json\/wp\/v2\/pages\/80","targetHints":{"allow":["GET"]}}],"collection":[{"href":"https:\/\/mathematicum.univ-pau.fr\/site\/wp-json\/wp\/v2\/pages"}],"about":[{"href":"https:\/\/mathematicum.univ-pau.fr\/site\/wp-json\/wp\/v2\/types\/page"}],"author":[{"embeddable":true,"href":"https:\/\/mathematicum.univ-pau.fr\/site\/wp-json\/wp\/v2\/users\/1"}],"replies":[{"embeddable":true,"href":"https:\/\/mathematicum.univ-pau.fr\/site\/wp-json\/wp\/v2\/comments?post=80"}],"version-history":[{"count":8,"href":"https:\/\/mathematicum.univ-pau.fr\/site\/wp-json\/wp\/v2\/pages\/80\/revisions"}],"predecessor-version":[{"id":322,"href":"https:\/\/mathematicum.univ-pau.fr\/site\/wp-json\/wp\/v2\/pages\/80\/revisions\/322"}],"wp:attachment":[{"href":"https:\/\/mathematicum.univ-pau.fr\/site\/wp-json\/wp\/v2\/media?parent=80"}],"curies":[{"name":"wp","href":"https:\/\/api.w.org\/{rel}","templated":true}]}}